{"id":9,"date":"2021-09-25T14:49:40","date_gmt":"2021-09-25T12:49:40","guid":{"rendered":"https:\/\/webredox.net\/demo\/wp\/bauen\/light\/multi\/demo1\/?page_id=9"},"modified":"2025-02-17T15:48:32","modified_gmt":"2025-02-17T14:48:32","slug":"home","status":"publish","type":"page","link":"https:\/\/www.empreinte.re\/","title":{"rendered":"Accueil"},"content":{"rendered":"[vc_row row_type=&#8221;main-section&#8221; bauen_section_layout=&#8221;section_grid&#8221; bauen_df_padding_top=&#8221;section-padding1&#8243; bauen_df_padding_bottom=&#8221;section-padding2&#8243;][vc_column width=&#8221;1\/2&#8243;][wr_vc_section_heading title=&#8221;A propos `{`span`}` d&#8217;Empreinte Architecturale `{`\/span`}`&#8221; animate=&#8221;yes&#8221; title2=&#8221;Bauen&#8221;]Empreinte Architecturale est une agence d\u2019architecture de 10 personnes, situ\u00e9e sur l\u2019\u00eele de la R\u00e9union. Notre \u00e9quipe pluridisciplinaire r\u00e9alise tout type de projets et toutes les missions de l\u2019architecte.<\/p>\n<p>Nous cr\u00e9ons, au travers du prisme des pr\u00e9occupations environnementales, paysag\u00e8res, soci\u00e9tales, urbaines et architecturales, des projets pour vous, des projets pour vivre, habiter et partager.<\/p>\n<p>Empreinte a aussi une app\u00e9tence et une comp\u00e9tence av\u00e9r\u00e9e pour R\u00e9habiliter, en r\u00e9inventant, en transformant l\u2019existant, de mani\u00e8re \u00e0 s\u2019inscrire dans une d\u00e9marche frugale et soutenable. La r\u00e9habilitation, pour ceux qui utilisent et habitent, fait sens avec nos convictions environnementales.[\/wr_vc_section_heading][\/vc_column][vc_column width=&#8221;1\/2&#8243;][wr_vc_section_image featyretype=&#8221;st2&#8243; animate=&#8221;yes&#8221; image=&#8221;951&#8243; title=&#8221;Agence \u00e0 la R\u00e9union&#8221;][\/vc_column][\/vc_row][vc_row row_type=&#8221;main-section&#8221; bauen_section_layout=&#8221;section_grid&#8221; bauen_df_padding_top=&#8221;section-padding1&#8243; bauen_df_padding_bottom=&#8221;section-padding2&#8243;][vc_column][wr_vc_section_heading title=&#8221;Nos `{`span`}`projets `{`\/span`}`&#8221; title2=&#8221;Projects&#8221;][\/wr_vc_section_heading]<div class=\"sec-portfolio projects \"><div class=\"owl-carousel owl-theme\" data-projects-autoplay=\"true\" data-projects-speed=\"500\" data-projects-nav=\"false\" data-projects-dots=\"true\"data-rtl=\"false\"><div class=\"item position-re-block\"><div class=\"osition-re position-re-order-carousel o-hidden\"><div class=\"cd-pt-ab\"><img decoding=\"async\" src=\"https:\/\/www.empreinte.re\/wp-content\/uploads\/2025\/02\/Sans-titre-1-1-scaled.jpg\" alt=\"\" \/><\/div><\/div><div class=\"con\"><h6><span class=\"cat-divider\">Chantiers en cours  <\/span><\/h6><h5><a href=\"https:\/\/www.empreinte.re\/index.php\/portfolio\/auraucaria\/\">Auraucaria<\/a><\/h5><div class=\"line\"><\/div> <a href=\"https:\/\/www.empreinte.re\/index.php\/portfolio\/auraucaria\/\"><i class=\"ti-arrow-right\"><\/i><\/a><\/div><\/div><div class=\"item position-re-block\"><div class=\"osition-re position-re-order-carousel o-hidden\"><div class=\"cd-pt-ab\"><img decoding=\"async\" src=\"https:\/\/www.empreinte.re\/wp-content\/uploads\/2023\/07\/Terrasses-de-la-baie.png\" alt=\"\" \/><\/div><\/div><div class=\"con\"><h6><span class=\"cat-divider\">Chantiers en cours  <\/span><\/h6><h5><a href=\"https:\/\/www.empreinte.re\/index.php\/portfolio\/les-docks\/\">Les Docks<\/a><\/h5><div class=\"line\"><\/div> <a href=\"https:\/\/www.empreinte.re\/index.php\/portfolio\/les-docks\/\"><i class=\"ti-arrow-right\"><\/i><\/a><\/div><\/div><div class=\"item position-re-block\"><div class=\"osition-re position-re-order-carousel o-hidden\"><div class=\"cd-pt-ab\"><img decoding=\"async\" src=\"https:\/\/www.empreinte.re\/wp-content\/uploads\/2025\/02\/UCO-1920x1180-1.jpg\" alt=\"\" \/><\/div><\/div><div class=\"con\"><h6><span class=\"cat-divider\">Partager  <\/span><\/h6><h5><a href=\"https:\/\/www.empreinte.re\/index.php\/portfolio\/amphitheatre-de-luco\/\">L\u2019Universit\u00e9 Catholique de l\u2019Ouest (UCO)<\/a><\/h5><div class=\"line\"><\/div> <a href=\"https:\/\/www.empreinte.re\/index.php\/portfolio\/amphitheatre-de-luco\/\"><i class=\"ti-arrow-right\"><\/i><\/a><\/div><\/div><div class=\"item position-re-block\"><div class=\"osition-re position-re-order-carousel o-hidden\"><div class=\"cd-pt-ab\"><img decoding=\"async\" src=\"https:\/\/www.empreinte.re\/wp-content\/uploads\/2023\/07\/Terrasses-de-la-baie.png\" alt=\"\" \/><\/div><\/div><div class=\"con\"><h6><span class=\"cat-divider\">Habiter  <\/span><\/h6><h5><a href=\"https:\/\/www.empreinte.re\/index.php\/portfolio\/terrasses-de-la-baie\/\">Terrasses de la baie<\/a><\/h5><div class=\"line\"><\/div> <a href=\"https:\/\/www.empreinte.re\/index.php\/portfolio\/terrasses-de-la-baie\/\"><i class=\"ti-arrow-right\"><\/i><\/a><\/div><\/div><div class=\"item position-re-block\"><div class=\"osition-re position-re-order-carousel o-hidden\"><div class=\"cd-pt-ab\"><img decoding=\"async\" src=\"https:\/\/www.empreinte.re\/wp-content\/uploads\/2023\/07\/Capture-decran-2023-07-09-a-16.01.33.png\" alt=\"\" \/><\/div><\/div><div class=\"con\"><h6><span class=\"cat-divider\">Habiter  <\/span><\/h6><h5><a href=\"https:\/\/www.empreinte.re\/index.php\/portfolio\/terrasses-des-rampes\/\">Terrasses des rampes<\/a><\/h5><div class=\"line\"><\/div> <a href=\"https:\/\/www.empreinte.re\/index.php\/portfolio\/terrasses-des-rampes\/\"><i class=\"ti-arrow-right\"><\/i><\/a><\/div><\/div><div class=\"item position-re-block\"><div class=\"osition-re position-re-order-carousel o-hidden\"><div class=\"cd-pt-ab\"><img decoding=\"async\" src=\"https:\/\/www.empreinte.re\/wp-content\/uploads\/2023\/07\/rayon-vert-entete.jpg\" alt=\"\" \/><\/div><\/div><div class=\"con\"><h6><span class=\"cat-divider\">Travailler  <\/span><\/h6><h5><a href=\"https:\/\/www.empreinte.re\/index.php\/portfolio\/rayon-vert\/\">Rayon Vert<\/a><\/h5><div class=\"line\"><\/div> <a href=\"https:\/\/www.empreinte.re\/index.php\/portfolio\/rayon-vert\/\"><i class=\"ti-arrow-right\"><\/i><\/a><\/div><\/div><div class=\"item position-re-block\"><div class=\"osition-re position-re-order-carousel o-hidden\"><div class=\"cd-pt-ab\"><img decoding=\"async\" src=\"https:\/\/www.empreinte.re\/wp-content\/uploads\/2023\/07\/Sans-titre-16-scaled.jpg\" alt=\"\" \/><\/div><\/div><div class=\"con\"><h6><span class=\"cat-divider\">Habiter  <\/span><\/h6><h5><a href=\"https:\/\/www.empreinte.re\/index.php\/portfolio\/jardins-deva\/\">Jardins d&#8217;Eva<\/a><\/h5><div class=\"line\"><\/div> <a href=\"https:\/\/www.empreinte.re\/index.php\/portfolio\/jardins-deva\/\"><i class=\"ti-arrow-right\"><\/i><\/a><\/div><\/div><div class=\"item position-re-block\"><div class=\"osition-re position-re-order-carousel o-hidden\"><div class=\"cd-pt-ab\"><img decoding=\"async\" src=\"https:\/\/www.empreinte.re\/wp-content\/uploads\/2023\/07\/Pieds-des-roches.jpg\" alt=\"\" \/><\/div><\/div><div class=\"con\"><h6><span class=\"cat-divider\">Habiter  <\/span><\/h6><h5><a href=\"https:\/\/www.empreinte.re\/index.php\/portfolio\/pieds-des-roches\/\">Pied des roches<\/a><\/h5><div class=\"line\"><\/div> <a href=\"https:\/\/www.empreinte.re\/index.php\/portfolio\/pieds-des-roches\/\"><i class=\"ti-arrow-right\"><\/i><\/a><\/div><\/div><\/div><\/div>[\/vc_column][\/vc_row][vc_row row_type=&#8221;main-section&#8221; bauen_section_layout=&#8221;section_grid&#8221; bauen_df_padding_top=&#8221;section-padding1&#8243; bauen_df_padding_bottom=&#8221;section-padding2&#8243;][vc_column][wr_vc_section_heading title=&#8221;Notre `{`span`}`mission `{`\/span`}`&#8221; title2=&#8221;Services&#8221;][\/wr_vc_section_heading][vc_row_inner][vc_column_inner width=&#8221;1\/3&#8243;][wr_vc_section_services image=&#8221;431&#8243; title=&#8221;Architecture&#8221; title2=&#8221;01&#8243;]Notre architecture est lisible au travers d\u2019une simplicit\u00e9 de volumes et de structures, par l\u2019usage \u00ab\u00a0de ce qu\u2019il faut, l\u00e0 o\u00f9 il faut \u00bb et par la d\u00e9finition d\u2019enveloppes environnementales et tropicales, avec une pr\u00e9occupation importante du milieu.<\/p>\n<p>&nbsp;<\/p>\n<p>Elle se construit par la mise en \u0153uvre de dispositifs bioclimatiques, sans grand surco\u00fbt ni complexit\u00e9.[\/wr_vc_section_services][\/vc_column_inner][vc_column_inner width=&#8221;1\/3&#8243;][wr_vc_section_services image=&#8221;426&#8243; title=&#8221;Architecture d&#8217;int\u00e9rieur&#8221; title2=&#8221;02&#8243;]Notre attachement au territoire exige d\u2019inventer en respectant, en \u00e9coutant le site et les usagers car un b\u00e2timent n\u2019est ni acte gratuit, ni une repr\u00e9sentation symbolique de la ma\u00eetrise d\u2019un art, ni une prouesse technologique.<\/p>\n<p>&nbsp;<\/p>\n<p>C\u2019est un outil \u00e0 vivre, \u00e0 travailler. Il n\u2019est pas une finalit\u00e9 mais un moyen. C\u2019est un lieu \u00e0 habiter.[\/wr_vc_section_services][\/vc_column_inner][vc_column_inner width=&#8221;1\/3&#8243;][wr_vc_section_services image=&#8221;429&#8243; title=&#8221;Suivi de chantier&#8221; title2=&#8221;03&#8243;]Le chantier est l\u2019aboutissement d\u2019une relation construite avec le client et ses usagers.<\/p>\n<p>L\u2019int\u00e9r\u00eat pour le \u00ab\u00a0faire\u00a0\u00bb, en optimisant les mat\u00e9riaux, les process et les m\u00e9thodes nous fait toujours grandir et apprendre.<\/p>\n<p>&nbsp;<\/p>\n<p>C\u2019est aussi un moment o\u00f9 nous partageons l\u2019architecture avec les entreprises.[\/wr_vc_section_services][\/vc_column_inner][\/vc_row_inner][\/vc_column][\/vc_row][vc_row row_type=&#8221;main-section&#8221; bauen_section_layout=&#8221;section_grid&#8221; bauen_df_padding_top=&#8221;section-padding1&#8243; bauen_df_padding_bottom=&#8221;section-padding2&#8243;][vc_column][wr_vc_section_heading title=&#8221;Presse `{`span`}`&#8221; title2=&#8221;News&#8221;][\/wr_vc_section_heading]<div class=\"sec-blog bauen-blog \"><div class=\"owl-carousel owl-theme\" data-blog-autoplay=\"false\" data-blog-speed=\"1500\" data-projects-nav=\"false\" data-projects-dots=\"true\" data-rtl=\"false\"><div class=\"item\"><div class=\"position-re o-hidden position-re-order-blog-carousel\"><a href=\"https:\/\/www.empreinte.re\/index.php\/2025\/02\/17\/inauguration-pied-des-roches\/\" class=\"cd-pt-ab\"><img decoding=\"async\" src=\"https:\/\/www.empreinte.re\/wp-content\/uploads\/2025\/02\/articles2-540x317.jpg\" alt=\"\" \/><\/a><\/div><div class=\"con\"><span class=\"category\"><a href=\"https:\/\/www.empreinte.re\/index.php\/category\/architecture\/\" rel=\"category tag\">Architecture<\/a> - 17 February 2025<\/span><h5><a href=\"https:\/\/www.empreinte.re\/index.php\/2025\/02\/17\/inauguration-pied-des-roches\/\">Inauguration Pied des Roches<\/a><\/h5><\/div><\/div><div class=\"item\"><div class=\"position-re o-hidden position-re-order-blog-carousel\"><a href=\"https:\/\/www.empreinte.re\/index.php\/2023\/10\/20\/larchitecture-de-notre-region\/\" class=\"cd-pt-ab\"><img decoding=\"async\" src=\"https:\/\/www.empreinte.re\/wp-content\/uploads\/2023\/10\/AVE7527-540x317.jpg\" alt=\"\" \/><\/a><\/div><div class=\"con\"><span class=\"category\"><a href=\"https:\/\/www.empreinte.re\/index.php\/category\/architecture\/\" rel=\"category tag\">Architecture<\/a> - 20 October 2023<\/span><h5><a href=\"https:\/\/www.empreinte.re\/index.php\/2023\/10\/20\/larchitecture-de-notre-region\/\">L&#8217;architecture de notre r\u00e9gion<\/a><\/h5><\/div><\/div><div class=\"item\"><div class=\"position-re o-hidden position-re-order-blog-carousel\"><a href=\"https:\/\/www.empreinte.re\/index.php\/2022\/06\/18\/article\/\" class=\"cd-pt-ab\"><img decoding=\"async\" src=\"https:\/\/www.empreinte.re\/wp-content\/uploads\/2022\/06\/College-540x317.jpg\" alt=\"\" \/><\/a><\/div><div class=\"con\"><span class=\"category\"><a href=\"https:\/\/www.empreinte.re\/index.php\/category\/architecture\/\" rel=\"category tag\">Architecture<\/a> - 18 June 2022<\/span><h5><a href=\"https:\/\/www.empreinte.re\/index.php\/2022\/06\/18\/article\/\">Coll\u00e8ge priv\u00e9 Levavasseur<\/a><\/h5><\/div><\/div><div class=\"item\"><div class=\"position-re o-hidden position-re-order-blog-carousel\"><a href=\"https:\/\/www.empreinte.re\/index.php\/2022\/06\/17\/college-prive-levavasseur-2\/\" class=\"cd-pt-ab\"><img decoding=\"async\" src=\"https:\/\/www.empreinte.re\/wp-content\/uploads\/2022\/06\/Levavasseur-540x317.jpg\" alt=\"\" \/><\/a><\/div><div class=\"con\"><span class=\"category\"><a href=\"https:\/\/www.empreinte.re\/index.php\/category\/architecture\/\" rel=\"category tag\">Architecture<\/a> - 17 June 2022<\/span><h5><a href=\"https:\/\/www.empreinte.re\/index.php\/2022\/06\/17\/college-prive-levavasseur-2\/\">Coll\u00e8ge priv\u00e9 Levavasseur<\/a><\/h5><\/div><\/div><\/div><\/div>[\/vc_column][\/vc_row]\n","protected":false},"excerpt":{"rendered":"<p>[vc_row row_type=&#8221;main-section&#8221; bauen_section_layout=&#8221;section_grid&#8221; bauen_df_padding_top=&#8221;section-padding1&#8243; bauen_df_padding_bottom=&#8221;section-padding2&#8243;][vc_column width=&#8221;1\/2&#8243;][wr_vc_section_heading title=&#8221;A propos `{`span`}` d&#8217;Empreinte Architecturale `{`\/span`}`&#8221; animate=&#8221;yes&#8221; title2=&#8221;Bauen&#8221;]Empreinte Architecturale est une agence d\u2019architecture de 10 personnes, situ\u00e9e sur l\u2019\u00eele de la R\u00e9union. Notre \u00e9quipe pluridisciplinaire r\u00e9alise tout type de projets et toutes les missions de l\u2019architecte. Nous cr\u00e9ons, au travers du prisme des pr\u00e9occupations environnementales, paysag\u00e8res, soci\u00e9tales, urbaines et architecturales, des projets pour vous,&#8230;<\/p>\n","protected":false},"author":1,"featured_media":0,"parent":0,"menu_order":0,"comment_status":"closed","ping_status":"closed","template":"","meta":{"_monsterinsights_skip_tracking":false,"_monsterinsights_sitenote_active":false,"_monsterinsights_sitenote_note":"","_monsterinsights_sitenote_category":0,"footnotes":"","_links_to":"","_links_to_target":""},"class_list":["post-9","page","type-page","status-publish","hentry"],"aioseo_notices":[],"_links":{"self":[{"href":"https:\/\/www.empreinte.re\/index.php\/wp-json\/wp\/v2\/pages\/9","targetHints":{"allow":["GET"]}}],"collection":[{"href":"https:\/\/www.empreinte.re\/index.php\/wp-json\/wp\/v2\/pages"}],"about":[{"href":"https:\/\/www.empreinte.re\/index.php\/wp-json\/wp\/v2\/types\/page"}],"author":[{"embeddable":true,"href":"https:\/\/www.empreinte.re\/index.php\/wp-json\/wp\/v2\/users\/1"}],"replies":[{"embeddable":true,"href":"https:\/\/www.empreinte.re\/index.php\/wp-json\/wp\/v2\/comments?post=9"}],"version-history":[{"count":33,"href":"https:\/\/www.empreinte.re\/index.php\/wp-json\/wp\/v2\/pages\/9\/revisions"}],"predecessor-version":[{"id":988,"href":"https:\/\/www.empreinte.re\/index.php\/wp-json\/wp\/v2\/pages\/9\/revisions\/988"}],"wp:attachment":[{"href":"https:\/\/www.empreinte.re\/index.php\/wp-json\/wp\/v2\/media?parent=9"}],"curies":[{"name":"wp","href":"https:\/\/api.w.org\/{rel}","templated":true}]}}